{"id":144,"date":"2025-08-20T11:09:19","date_gmt":"2025-08-20T09:09:19","guid":{"rendered":"https:\/\/cuberg.net\/fr\/?page_id=144"},"modified":"2025-08-20T11:09:19","modified_gmt":"2025-08-20T09:09:19","slug":"mentions-legales","status":"publish","type":"page","link":"https:\/\/cuberg.net\/fr\/mentions-legales\/","title":{"rendered":"Mentions l\u00e9gales"},"content":{"rendered":"\n<p><small>Derni\u00e8re mise \u00e0 jour : 20 ao\u00fbt 2025<\/small><\/p>\n\n\n\n<h2 class=\"wp-block-heading\" id=\"editeur\">\u00c9diteur du site<\/h2>\n\n\n\n<p><strong>Cuberg Magazine<\/strong> \u2013 magazine en ligne \u00e0 vocation g\u00e9n\u00e9raliste.<\/p>\n\n\n\n<p>Bureaux :<br>2, bd du G\u00e9n\u00e9ral Martial-Valin<br>75724 Paris Cedex 15, France<\/p>\n\n\n\n<p>Contact : <a href=\"mailto:contact@cuberg.net\">contact@cuberg.net<\/a><br>T\u00e9l\u00e9phone : <a href=\"tel:+33189480215\">+33 1 89 48 02 15<\/a><\/p>\n\n\n\n<h2 class=\"wp-block-heading\" id=\"publication\">Directeur \/ Responsable de la publication<\/h2>\n\n\n\n<p><strong>Richard Morel<\/strong>, R\u00e9dacteur en chef.<\/p>\n\n\n\n<p>Contact : <a href=\"mailto:contact@cuberg.net\">contact@cuberg.net<\/a><\/p>\n\n\n\n<h2 class=\"wp-block-heading\" id=\"hebergeur\">H\u00e9bergeur<\/h2>\n\n\n\n<p><strong>OVH SAS<\/strong><br>2, rue Kellermann \u2013 59100 Roubaix \u2013 France<br>Site : <a href=\"https:\/\/www.ovhcloud.com\" target=\"_blank\" rel=\"noreferrer noopener\">www.ovhcloud.com<\/a><\/p>\n\n\n\n<h2 class=\"wp-block-heading\" id=\"disclaimer\">Avertissement<\/h2>\n\n\n\n<p>L\u2019int\u00e9gralit\u00e9 du contenu publi\u00e9 sur ce site est g\u00e9n\u00e9r\u00e9e automatiquement par intelligence artificielle. Malgr\u00e9 un contr\u00f4le a posteriori, les textes peuvent contenir des erreurs, impr\u00e9cisions ou informations incompl\u00e8tes. Ce site est r\u00e9alis\u00e9 uniquement \u00e0 <strong>but de test et d\u2019exp\u00e9rimentation<\/strong>. Les informations fournies ne doivent pas \u00eatre consid\u00e9r\u00e9es comme exhaustives, professionnelles ou d\u00e9finitives, et ne sauraient engager la responsabilit\u00e9 de l\u2019\u00e9diteur.<\/p>\n\n\n\n<h2 class=\"wp-block-heading\" id=\"propriete-intellectuelle\">Propri\u00e9t\u00e9 intellectuelle<\/h2>\n\n\n\n<p>Sauf mention contraire, l\u2019ensemble des contenus publi\u00e9s sur le site (textes, visuels, \u00e9l\u00e9ments graphiques, logos, vid\u00e9os) est prot\u00e9g\u00e9 par le droit d\u2019auteur et les conventions internationales en vigueur. Toute reproduction, repr\u00e9sentation, modification, diffusion ou exploitation, totale ou partielle, sans autorisation pr\u00e9alable \u00e9crite, est interdite.<\/p>\n\n\n\n<h2 class=\"wp-block-heading\" id=\"responsabilites\">Responsabilit\u00e9s<\/h2>\n\n\n\n<p>Les informations publi\u00e9es sont fournies \u00e0 titre indicatif. Malgr\u00e9 le soin apport\u00e9 \u00e0 leur v\u00e9rification, Cuberg Magazine ne peut garantir l\u2019exactitude, l\u2019exhaustivit\u00e9 ni l\u2019actualisation permanente des contenus. L\u2019\u00e9diteur ne saurait \u00eatre tenu pour responsable des dommages directs ou indirects cons\u00e9cutifs \u00e0 l\u2019acc\u00e8s au site, \u00e0 son utilisation ou \u00e0 l\u2019interpr\u00e9tation des informations fournies.<\/p>\n\n\n\n<h2 class=\"wp-block-heading\" id=\"donnees-personnelles\">Donn\u00e9es personnelles (RGPD)<\/h2>\n\n\n\n<p>Cuberg Magazine respecte le R\u00e8glement (UE) 2016\/679 (RGPD) et la loi \u201cInformatique et Libert\u00e9s\u201d modifi\u00e9e. Les donn\u00e9es susceptibles d\u2019\u00eatre collect\u00e9es (formulaires, commentaires, statistiques de navigation) sont trait\u00e9es dans le respect des obligations l\u00e9gales. Vous disposez d\u2019un droit d\u2019acc\u00e8s, de rectification, d\u2019opposition, de suppression et de portabilit\u00e9 de vos donn\u00e9es en \u00e9crivant \u00e0 <a href=\"mailto:contact@cuberg.net\">contact@cuberg.net<\/a>.<\/p>\n\n\n\n<h2 class=\"wp-block-heading\" id=\"cookies\">Cookies et traceurs<\/h2>\n\n\n\n<p>Ce site peut utiliser des cookies techniques indispensables \u00e0 son bon fonctionnement. Aucun cookie publicitaire n\u2019est d\u00e9ploy\u00e9 dans le cadre de ce projet \u00e0 but de test.<\/p>\n\n\n\n<h2 class=\"wp-block-heading\" id=\"droit-applicable\">Droit applicable<\/h2>\n\n\n\n<p>Les pr\u00e9sentes mentions l\u00e9gales sont r\u00e9gies par le droit fran\u00e7ais. En cas de litige et \u00e0 d\u00e9faut d\u2019accord amiable, les juridictions fran\u00e7aises seront seules comp\u00e9tentes.<\/p>\n\n\n\n<hr class=\"wp-block-separator has-alpha-channel-opacity\"\/>\n\n\n\n<p><small>Pour toute question relative \u00e0 ces mentions, contactez : <a href=\"mailto:contact@cuberg.net\">contact@cuberg.net<\/a>.<\/small><\/p>\n\n\n\n<p><\/p>\n","protected":false},"excerpt":{"rendered":"<p>Derni\u00e8re mise \u00e0 jour : 20 ao\u00fbt 2025 \u00c9diteur du site Cuberg Magazine \u2013 magazine en ligne \u00e0 vocation g\u00e9n\u00e9raliste. Bureaux :2, bd du G\u00e9n\u00e9ral Martial-Valin75724 Paris Cedex 15, France Contact : contact@cuberg.netT\u00e9l\u00e9phone : +33 1 89 48 02 15 Directeur \/ Responsable de la publication Richard Morel, R\u00e9dacteur en chef. Contact : contact@cuberg.net H\u00e9bergeur [&hellip;]<\/p>\n","protected":false},"author":1,"featured_media":0,"parent":0,"menu_order":0,"comment_status":"closed","ping_status":"closed","template":"","meta":{"_seopress_robots_primary_cat":"","_seopress_titles_title":"","_seopress_titles_desc":"","_seopress_robots_index":"","footnotes":""},"class_list":["post-144","page","type-page","status-publish"],"_links":{"self":[{"href":"https:\/\/cuberg.net\/fr\/wp-json\/wp\/v2\/pages\/144","targetHints":{"allow":["GET"]}}],"collection":[{"href":"https:\/\/cuberg.net\/fr\/wp-json\/wp\/v2\/pages"}],"about":[{"href":"https:\/\/cuberg.net\/fr\/wp-json\/wp\/v2\/types\/page"}],"author":[{"embeddable":true,"href":"https:\/\/cuberg.net\/fr\/wp-json\/wp\/v2\/users\/1"}],"replies":[{"embeddable":true,"href":"https:\/\/cuberg.net\/fr\/wp-json\/wp\/v2\/comments?post=144"}],"version-history":[{"count":1,"href":"https:\/\/cuberg.net\/fr\/wp-json\/wp\/v2\/pages\/144\/revisions"}],"predecessor-version":[{"id":147,"href":"https:\/\/cuberg.net\/fr\/wp-json\/wp\/v2\/pages\/144\/revisions\/147"}],"wp:attachment":[{"href":"https:\/\/cuberg.net\/fr\/wp-json\/wp\/v2\/media?parent=144"}],"curies":[{"name":"wp","href":"https:\/\/api.w.org\/{rel}","templated":true}]}}