{"id":54,"date":"2025-08-20T09:57:31","date_gmt":"2025-08-20T07:57:31","guid":{"rendered":"https:\/\/cuberg.net\/fr\/?page_id=54"},"modified":"2025-08-20T10:53:00","modified_gmt":"2025-08-20T08:53:00","slug":"accueil","status":"publish","type":"page","link":"https:\/\/cuberg.net\/fr\/","title":{"rendered":"Accueil"},"content":{"rendered":"\t\t<div data-elementor-type=\"wp-page\" data-elementor-id=\"54\" class=\"elementor elementor-54\" data-elementor-post-type=\"page\">\n\t\t\t\t<div class=\"elementor-element elementor-element-5cd1cf3d e-flex e-con-boxed e-con e-parent\" data-id=\"5cd1cf3d\" data-element_type=\"container\" data-e-type=\"container\" data-settings=\"{&quot;background_background&quot;:&quot;classic&quot;}\">\n\t\t\t\t\t<div class=\"e-con-inner\">\n\t\t<div class=\"elementor-element elementor-element-7a09f8c1 e-con-full e-flex e-con e-child\" data-id=\"7a09f8c1\" data-element_type=\"container\" data-e-type=\"container\">\n\t\t\t\t<div class=\"elementor-element elementor-element-3db90d18 elementor-widget-divider--view-line_text elementor-widget-divider--element-align-center elementor-invisible elementor-widget elementor-widget-divider\" data-id=\"3db90d18\" data-element_type=\"widget\" data-e-type=\"widget\" data-settings=\"{&quot;_animation&quot;:&quot;fadeIn&quot;}\" data-widget_type=\"divider.default\">\n\t\t\t\t\t\t\t<div class=\"elementor-divider\">\n\t\t\t<span class=\"elementor-divider-separator\">\n\t\t\t\t\t\t\t<h1 class=\"elementor-divider__text elementor-divider__element\">\n\t\t\t\tCuberg : Le magazine\t\t\t\t<\/h1>\n\t\t\t\t\t\t<\/span>\n\t\t<\/div>\n\t\t\t\t\t\t<\/div>\n\t\t\t\t<div class=\"elementor-element elementor-element-3126b30 elementor-grid-2 elementor-grid-tablet-2 elementor-grid-mobile-1 elementor-posts--thumbnail-top elementor-card-shadow-yes elementor-posts__hover-gradient elementor-widget elementor-widget-posts\" data-id=\"3126b30\" data-element_type=\"widget\" data-e-type=\"widget\" data-settings=\"{&quot;cards_columns&quot;:&quot;2&quot;,&quot;cards_columns_tablet&quot;:&quot;2&quot;,&quot;cards_columns_mobile&quot;:&quot;1&quot;,&quot;cards_row_gap&quot;:{&quot;unit&quot;:&quot;px&quot;,&quot;size&quot;:35,&quot;sizes&quot;:[]},&quot;cards_row_gap_tablet&quot;:{&quot;unit&quot;:&quot;px&quot;,&quot;size&quot;:&quot;&quot;,&quot;sizes&quot;:[]},&quot;cards_row_gap_mobile&quot;:{&quot;unit&quot;:&quot;px&quot;,&quot;size&quot;:&quot;&quot;,&quot;sizes&quot;:[]}}\" data-widget_type=\"posts.cards\">\n\t\t\t\t<div class=\"elementor-widget-container\">\n\t\t\t\t\t\t\t<div class=\"elementor-posts-container elementor-posts elementor-posts--skin-cards elementor-grid\" role=\"list\">\n\t\t\t\t<article class=\"elementor-post elementor-grid-item post-2703 post type-post status-publish format-standard has-post-thumbnail category-societe\" role=\"listitem\">\n\t\t\t<div class=\"elementor-post__card\">\n\t\t\t\t<a class=\"elementor-post__thumbnail__link\" href=\"https:\/\/cuberg.net\/fr\/retraites-lassurance-retraite-met-en-garde-contre-une-vague-de-fake-news-creees-par-lia-qui-inquiete-les-assures\/\" tabindex=\"-1\" ><div class=\"elementor-post__thumbnail\"><img alt=\"\" fetchpriority=\"high\" decoding=\"async\" width=\"300\" height=\"169\" src=\"https:\/\/cuberg.net\/fr\/wp-content\/uploads\/2025\/09\/retraites-lassurance-retraite-met-en-garde-contre-une-vague-de-fake-news-creees-par-lia-qui-inquiete-les-assures-300x169.jpg\" class=\"attachment-medium size-medium wp-image-2704\" alt=\"\" srcset=\"https:\/\/cuberg.net\/fr\/wp-content\/uploads\/2025\/09\/retraites-lassurance-retraite-met-en-garde-contre-une-vague-de-fake-news-creees-par-lia-qui-inquiete-les-assures-300x169.jpg 300w, https:\/\/cuberg.net\/fr\/wp-content\/uploads\/2025\/09\/retraites-lassurance-retraite-met-en-garde-contre-une-vague-de-fake-news-creees-par-lia-qui-inquiete-les-assures-1024x576.jpg 1024w, https:\/\/cuberg.net\/fr\/wp-content\/uploads\/2025\/09\/retraites-lassurance-retraite-met-en-garde-contre-une-vague-de-fake-news-creees-par-lia-qui-inquiete-les-assures-768x432.jpg 768w, https:\/\/cuberg.net\/fr\/wp-content\/uploads\/2025\/09\/retraites-lassurance-retraite-met-en-garde-contre-une-vague-de-fake-news-creees-par-lia-qui-inquiete-les-assures.jpg 1280w\" sizes=\"(max-width: 300px) 100vw, 300px\" \/><\/div><\/a>\n\t\t\t\t<div class=\"elementor-post__badge\">Soci\u00e9t\u00e9<\/div>\n\t\t\t\t<div class=\"elementor-post__text\">\n\t\t\t\t<h3 class=\"elementor-post__title\">\n\t\t\t<a href=\"https:\/\/cuberg.net\/fr\/retraites-lassurance-retraite-met-en-garde-contre-une-vague-de-fake-news-creees-par-lia-qui-inquiete-les-assures\/\" >\n\t\t\t\tRetraites : l&rsquo;Assurance Retraite met en garde contre une vague de fake news cr\u00e9\u00e9es par l\u2019IA qui inqui\u00e8te les assur\u00e9s\t\t\t<\/a>\n\t\t<\/h3>\n\t\t\t\t<\/div>\n\t\t\t\t<div class=\"elementor-post__meta-data\">\n\t\t\t\t\t<span class=\"elementor-post-date\">\n\t\t\t13 octobre 2025\t\t<\/span>\n\t\t\t\t<\/div>\n\t\t\t\t\t<\/div>\n\t\t<\/article>\n\t\t\t\t<article class=\"elementor-post elementor-grid-item post-2827 post type-post status-publish format-standard has-post-thumbnail category-societe\" role=\"listitem\">\n\t\t\t<div class=\"elementor-post__card\">\n\t\t\t\t<a class=\"elementor-post__thumbnail__link\" href=\"https:\/\/cuberg.net\/fr\/1-chance-sur-32-dune-collision-avec-la-terre-cet-asteroide-affole-les-experts\/\" tabindex=\"-1\" ><div class=\"elementor-post__thumbnail\"><img alt=\"\" decoding=\"async\" width=\"300\" height=\"169\" src=\"https:\/\/cuberg.net\/fr\/wp-content\/uploads\/2025\/09\/1-chance-sur-32-dune-collision-avec-la-Terre-cet-asteroide-affole-les-experts-300x169.jpg\" class=\"attachment-medium size-medium wp-image-2828\" alt=\"\" srcset=\"https:\/\/cuberg.net\/fr\/wp-content\/uploads\/2025\/09\/1-chance-sur-32-dune-collision-avec-la-Terre-cet-asteroide-affole-les-experts-300x169.jpg 300w, https:\/\/cuberg.net\/fr\/wp-content\/uploads\/2025\/09\/1-chance-sur-32-dune-collision-avec-la-Terre-cet-asteroide-affole-les-experts-1024x576.jpg 1024w, https:\/\/cuberg.net\/fr\/wp-content\/uploads\/2025\/09\/1-chance-sur-32-dune-collision-avec-la-Terre-cet-asteroide-affole-les-experts-768x432.jpg 768w, https:\/\/cuberg.net\/fr\/wp-content\/uploads\/2025\/09\/1-chance-sur-32-dune-collision-avec-la-Terre-cet-asteroide-affole-les-experts.jpg 1200w\" sizes=\"(max-width: 300px) 100vw, 300px\" \/><\/div><\/a>\n\t\t\t\t<div class=\"elementor-post__badge\">Soci\u00e9t\u00e9<\/div>\n\t\t\t\t<div class=\"elementor-post__text\">\n\t\t\t\t<h3 class=\"elementor-post__title\">\n\t\t\t<a href=\"https:\/\/cuberg.net\/fr\/1-chance-sur-32-dune-collision-avec-la-terre-cet-asteroide-affole-les-experts\/\" >\n\t\t\t\t\u00ab\u00a01 chance sur 32 d\u2019une collision avec la Terre\u00a0\u00bb : cet ast\u00e9ro\u00efde affole les experts\t\t\t<\/a>\n\t\t<\/h3>\n\t\t\t\t<\/div>\n\t\t\t\t<div class=\"elementor-post__meta-data\">\n\t\t\t\t\t<span class=\"elementor-post-date\">\n\t\t\t13 octobre 2025\t\t<\/span>\n\t\t\t\t<\/div>\n\t\t\t\t\t<\/div>\n\t\t<\/article>\n\t\t\t\t<article class=\"elementor-post elementor-grid-item post-2978 post type-post status-publish format-standard has-post-thumbnail category-societe\" role=\"listitem\">\n\t\t\t<div class=\"elementor-post__card\">\n\t\t\t\t<a class=\"elementor-post__thumbnail__link\" href=\"https:\/\/cuberg.net\/fr\/piece-de-monnaie-rare-voici-toutes-celles-qui-valent-une-fortune-en-2025-et-qui-sont-tres-recherchees-des-collectionneurs\/\" tabindex=\"-1\" ><div class=\"elementor-post__thumbnail\"><img alt=\"\" decoding=\"async\" width=\"300\" height=\"169\" src=\"https:\/\/cuberg.net\/fr\/wp-content\/uploads\/2025\/09\/piece-de-monnaie-rare-et-recherchee-voici-toutes-celles-qui-valent-une-fortune-en-2024-300x169.jpg\" class=\"attachment-medium size-medium wp-image-2979\" alt=\"\" srcset=\"https:\/\/cuberg.net\/fr\/wp-content\/uploads\/2025\/09\/piece-de-monnaie-rare-et-recherchee-voici-toutes-celles-qui-valent-une-fortune-en-2024-300x169.jpg 300w, https:\/\/cuberg.net\/fr\/wp-content\/uploads\/2025\/09\/piece-de-monnaie-rare-et-recherchee-voici-toutes-celles-qui-valent-une-fortune-en-2024-1024x576.jpg 1024w, https:\/\/cuberg.net\/fr\/wp-content\/uploads\/2025\/09\/piece-de-monnaie-rare-et-recherchee-voici-toutes-celles-qui-valent-une-fortune-en-2024-768x432.jpg 768w, https:\/\/cuberg.net\/fr\/wp-content\/uploads\/2025\/09\/piece-de-monnaie-rare-et-recherchee-voici-toutes-celles-qui-valent-une-fortune-en-2024.jpg 1280w\" sizes=\"(max-width: 300px) 100vw, 300px\" \/><\/div><\/a>\n\t\t\t\t<div class=\"elementor-post__badge\">Soci\u00e9t\u00e9<\/div>\n\t\t\t\t<div class=\"elementor-post__text\">\n\t\t\t\t<h3 class=\"elementor-post__title\">\n\t\t\t<a href=\"https:\/\/cuberg.net\/fr\/piece-de-monnaie-rare-voici-toutes-celles-qui-valent-une-fortune-en-2025-et-qui-sont-tres-recherchees-des-collectionneurs\/\" >\n\t\t\t\tPi\u00e8ce de monnaie rare : voici toutes celles qui valent une fortune en 2025 et qui sont tr\u00e8s recherch\u00e9es des collectionneurs\t\t\t<\/a>\n\t\t<\/h3>\n\t\t\t\t<\/div>\n\t\t\t\t<div class=\"elementor-post__meta-data\">\n\t\t\t\t\t<span class=\"elementor-post-date\">\n\t\t\t13 octobre 2025\t\t<\/span>\n\t\t\t\t<\/div>\n\t\t\t\t\t<\/div>\n\t\t<\/article>\n\t\t\t\t<article class=\"elementor-post elementor-grid-item post-3025 post type-post status-publish format-standard has-post-thumbnail category-business\" role=\"listitem\">\n\t\t\t<div class=\"elementor-post__card\">\n\t\t\t\t<a class=\"elementor-post__thumbnail__link\" href=\"https:\/\/cuberg.net\/fr\/handicapee-elle-est-privee-de-son-allocation-et-doit-meme-rembourser-15-000e-a-cause-dune-erreur-administrative\/\" tabindex=\"-1\" ><div class=\"elementor-post__thumbnail\"><img alt=\"\" loading=\"lazy\" decoding=\"async\" width=\"300\" height=\"169\" src=\"https:\/\/cuberg.net\/fr\/wp-content\/uploads\/2025\/09\/Handicapee-elle-est-privee-de-son-allocation-et-doit-meme-rembourser-15.000E-a-cause-dune-erreur-administrative-300x169.jpg\" class=\"attachment-medium size-medium wp-image-3026\" alt=\"\" srcset=\"https:\/\/cuberg.net\/fr\/wp-content\/uploads\/2025\/09\/Handicapee-elle-est-privee-de-son-allocation-et-doit-meme-rembourser-15.000E-a-cause-dune-erreur-administrative-300x169.jpg 300w, https:\/\/cuberg.net\/fr\/wp-content\/uploads\/2025\/09\/Handicapee-elle-est-privee-de-son-allocation-et-doit-meme-rembourser-15.000E-a-cause-dune-erreur-administrative-1024x576.jpg 1024w, https:\/\/cuberg.net\/fr\/wp-content\/uploads\/2025\/09\/Handicapee-elle-est-privee-de-son-allocation-et-doit-meme-rembourser-15.000E-a-cause-dune-erreur-administrative-768x432.jpg 768w, https:\/\/cuberg.net\/fr\/wp-content\/uploads\/2025\/09\/Handicapee-elle-est-privee-de-son-allocation-et-doit-meme-rembourser-15.000E-a-cause-dune-erreur-administrative.jpg 1200w\" sizes=\"(max-width: 300px) 100vw, 300px\" \/><\/div><\/a>\n\t\t\t\t<div class=\"elementor-post__badge\">Business<\/div>\n\t\t\t\t<div class=\"elementor-post__text\">\n\t\t\t\t<h3 class=\"elementor-post__title\">\n\t\t\t<a href=\"https:\/\/cuberg.net\/fr\/handicapee-elle-est-privee-de-son-allocation-et-doit-meme-rembourser-15-000e-a-cause-dune-erreur-administrative\/\" >\n\t\t\t\tHandicap\u00e9e, elle est priv\u00e9e de son allocation et doit m\u00eame rembourser 15.000\u20ac \u00e0 cause d\u2019une erreur administrative\t\t\t<\/a>\n\t\t<\/h3>\n\t\t\t\t<\/div>\n\t\t\t\t<div class=\"elementor-post__meta-data\">\n\t\t\t\t\t<span class=\"elementor-post-date\">\n\t\t\t13 octobre 2025\t\t<\/span>\n\t\t\t\t<\/div>\n\t\t\t\t\t<\/div>\n\t\t<\/article>\n\t\t\t\t<article class=\"elementor-post elementor-grid-item post-3004 post type-post status-publish format-standard has-post-thumbnail category-bien-etre\" role=\"listitem\">\n\t\t\t<div class=\"elementor-post__card\">\n\t\t\t\t<a class=\"elementor-post__thumbnail__link\" href=\"https:\/\/cuberg.net\/fr\/brocantes-ces-3-ustensiles-de-cuisine-sont-a-eviter-en-occasion-ils-peuvent-etre-dangereux-selon-les-pros-de-la-sante-et-de-lhygiene\/\" tabindex=\"-1\" ><div class=\"elementor-post__thumbnail\"><img alt=\"\" loading=\"lazy\" decoding=\"async\" width=\"300\" height=\"169\" src=\"https:\/\/cuberg.net\/fr\/wp-content\/uploads\/2025\/09\/brocantes-ces-3-ustensiles-de-cuisine-sont-a-eviter-en-occasion-ils-peuvent-etre-dangereux-selon-les-pros-de-la-sante-et-de-lhygiene-300x169.jpg\" class=\"attachment-medium size-medium wp-image-3005\" alt=\"\" srcset=\"https:\/\/cuberg.net\/fr\/wp-content\/uploads\/2025\/09\/brocantes-ces-3-ustensiles-de-cuisine-sont-a-eviter-en-occasion-ils-peuvent-etre-dangereux-selon-les-pros-de-la-sante-et-de-lhygiene-300x169.jpg 300w, https:\/\/cuberg.net\/fr\/wp-content\/uploads\/2025\/09\/brocantes-ces-3-ustensiles-de-cuisine-sont-a-eviter-en-occasion-ils-peuvent-etre-dangereux-selon-les-pros-de-la-sante-et-de-lhygiene-1024x576.jpg 1024w, https:\/\/cuberg.net\/fr\/wp-content\/uploads\/2025\/09\/brocantes-ces-3-ustensiles-de-cuisine-sont-a-eviter-en-occasion-ils-peuvent-etre-dangereux-selon-les-pros-de-la-sante-et-de-lhygiene-768x432.jpg 768w, https:\/\/cuberg.net\/fr\/wp-content\/uploads\/2025\/09\/brocantes-ces-3-ustensiles-de-cuisine-sont-a-eviter-en-occasion-ils-peuvent-etre-dangereux-selon-les-pros-de-la-sante-et-de-lhygiene.jpg 1280w\" sizes=\"(max-width: 300px) 100vw, 300px\" \/><\/div><\/a>\n\t\t\t\t<div class=\"elementor-post__badge\">Bien-\u00eatre<\/div>\n\t\t\t\t<div class=\"elementor-post__text\">\n\t\t\t\t<h3 class=\"elementor-post__title\">\n\t\t\t<a href=\"https:\/\/cuberg.net\/fr\/brocantes-ces-3-ustensiles-de-cuisine-sont-a-eviter-en-occasion-ils-peuvent-etre-dangereux-selon-les-pros-de-la-sante-et-de-lhygiene\/\" >\n\t\t\t\tBrocantes : ces 3 ustensiles de cuisine sont \u00e0 \u00e9viter en occasion, ils peuvent \u00eatre dangereux selon les pros de la sant\u00e9 et de l\u2019hygi\u00e8ne\t\t\t<\/a>\n\t\t<\/h3>\n\t\t\t\t<\/div>\n\t\t\t\t<div class=\"elementor-post__meta-data\">\n\t\t\t\t\t<span class=\"elementor-post-date\">\n\t\t\t13 octobre 2025\t\t<\/span>\n\t\t\t\t<\/div>\n\t\t\t\t\t<\/div>\n\t\t<\/article>\n\t\t\t\t<article class=\"elementor-post elementor-grid-item post-2682 post type-post status-publish format-standard has-post-thumbnail category-consommation\" role=\"listitem\">\n\t\t\t<div class=\"elementor-post__card\">\n\t\t\t\t<a class=\"elementor-post__thumbnail__link\" href=\"https:\/\/cuberg.net\/fr\/poubelles-a-puce-en-2025-votre-ville-pourra-vous-facturer-90e-par-nouveau-bac-elle-devient-obligatoire-pour-tous-les-foyers\/\" tabindex=\"-1\" ><div class=\"elementor-post__thumbnail\"><img alt=\"\" loading=\"lazy\" decoding=\"async\" width=\"300\" height=\"169\" src=\"https:\/\/cuberg.net\/fr\/wp-content\/uploads\/2025\/09\/les-poubelles-a-puce-300x169.jpg\" class=\"attachment-medium size-medium wp-image-2683\" alt=\"\" srcset=\"https:\/\/cuberg.net\/fr\/wp-content\/uploads\/2025\/09\/les-poubelles-a-puce-300x169.jpg 300w, https:\/\/cuberg.net\/fr\/wp-content\/uploads\/2025\/09\/les-poubelles-a-puce-1024x576.jpg 1024w, https:\/\/cuberg.net\/fr\/wp-content\/uploads\/2025\/09\/les-poubelles-a-puce-768x432.jpg 768w, https:\/\/cuberg.net\/fr\/wp-content\/uploads\/2025\/09\/les-poubelles-a-puce.jpg 1200w\" sizes=\"(max-width: 300px) 100vw, 300px\" \/><\/div><\/a>\n\t\t\t\t<div class=\"elementor-post__badge\">Consommation<\/div>\n\t\t\t\t<div class=\"elementor-post__text\">\n\t\t\t\t<h3 class=\"elementor-post__title\">\n\t\t\t<a href=\"https:\/\/cuberg.net\/fr\/poubelles-a-puce-en-2025-votre-ville-pourra-vous-facturer-90e-par-nouveau-bac-elle-devient-obligatoire-pour-tous-les-foyers\/\" >\n\t\t\t\tPoubelles \u00e0 puce en 2025 : votre ville pourra vous facturer 90\u20ac par nouveau bac (elle devient obligatoire pour tous les foyers)\t\t\t<\/a>\n\t\t<\/h3>\n\t\t\t\t<\/div>\n\t\t\t\t<div class=\"elementor-post__meta-data\">\n\t\t\t\t\t<span class=\"elementor-post-date\">\n\t\t\t13 octobre 2025\t\t<\/span>\n\t\t\t\t<\/div>\n\t\t\t\t\t<\/div>\n\t\t<\/article>\n\t\t\t\t<article class=\"elementor-post elementor-grid-item post-2829 post type-post status-publish format-standard has-post-thumbnail category-societe\" role=\"listitem\">\n\t\t\t<div class=\"elementor-post__card\">\n\t\t\t\t<a class=\"elementor-post__thumbnail__link\" href=\"https:\/\/cuberg.net\/fr\/50-ans-plus-tard-les-chercheurs-decouvrent-un-groupe-sanguin-inconnu-qui-change-tout-sur-notre-comprehension-de-lhomme\/\" tabindex=\"-1\" ><div class=\"elementor-post__thumbnail\"><img alt=\"\" loading=\"lazy\" decoding=\"async\" width=\"300\" height=\"169\" src=\"https:\/\/cuberg.net\/fr\/wp-content\/uploads\/2025\/09\/50-ans-plus-tard-les-chercheurs-decouvrent-un-groupe-sanguin-inconnu-qui-change-tout-sur-notre-comprehension-de-lHomme-300x169.jpg\" class=\"attachment-medium size-medium wp-image-2830\" alt=\"\" srcset=\"https:\/\/cuberg.net\/fr\/wp-content\/uploads\/2025\/09\/50-ans-plus-tard-les-chercheurs-decouvrent-un-groupe-sanguin-inconnu-qui-change-tout-sur-notre-comprehension-de-lHomme-300x169.jpg 300w, https:\/\/cuberg.net\/fr\/wp-content\/uploads\/2025\/09\/50-ans-plus-tard-les-chercheurs-decouvrent-un-groupe-sanguin-inconnu-qui-change-tout-sur-notre-comprehension-de-lHomme-1024x576.jpg 1024w, https:\/\/cuberg.net\/fr\/wp-content\/uploads\/2025\/09\/50-ans-plus-tard-les-chercheurs-decouvrent-un-groupe-sanguin-inconnu-qui-change-tout-sur-notre-comprehension-de-lHomme-768x432.jpg 768w, https:\/\/cuberg.net\/fr\/wp-content\/uploads\/2025\/09\/50-ans-plus-tard-les-chercheurs-decouvrent-un-groupe-sanguin-inconnu-qui-change-tout-sur-notre-comprehension-de-lHomme.jpg 1200w\" sizes=\"(max-width: 300px) 100vw, 300px\" \/><\/div><\/a>\n\t\t\t\t<div class=\"elementor-post__badge\">Soci\u00e9t\u00e9<\/div>\n\t\t\t\t<div class=\"elementor-post__text\">\n\t\t\t\t<h3 class=\"elementor-post__title\">\n\t\t\t<a href=\"https:\/\/cuberg.net\/fr\/50-ans-plus-tard-les-chercheurs-decouvrent-un-groupe-sanguin-inconnu-qui-change-tout-sur-notre-comprehension-de-lhomme\/\" >\n\t\t\t\t50 ans plus tard, les chercheurs d\u00e9couvrent un groupe sanguin inconnu qui change tout sur notre compr\u00e9hension de l\u2019Homme\t\t\t<\/a>\n\t\t<\/h3>\n\t\t\t\t<\/div>\n\t\t\t\t<div class=\"elementor-post__meta-data\">\n\t\t\t\t\t<span class=\"elementor-post-date\">\n\t\t\t13 octobre 2025\t\t<\/span>\n\t\t\t\t<\/div>\n\t\t\t\t\t<\/div>\n\t\t<\/article>\n\t\t\t\t<article class=\"elementor-post elementor-grid-item post-2728 post type-post status-publish format-standard has-post-thumbnail category-societe\" role=\"listitem\">\n\t\t\t<div class=\"elementor-post__card\">\n\t\t\t\t<a class=\"elementor-post__thumbnail__link\" href=\"https:\/\/cuberg.net\/fr\/locataires-sachez-le-votre-proprietaire-peut-garder-un-double-des-cles-mais-il-na-pas-tous-les-droits\/\" tabindex=\"-1\" ><div class=\"elementor-post__thumbnail\"><img alt=\"\" loading=\"lazy\" decoding=\"async\" width=\"300\" height=\"169\" src=\"https:\/\/cuberg.net\/fr\/wp-content\/uploads\/2025\/09\/locataires-sachez-le-votre-proprietaire-peut-garder-un-double-des-cles-mais-il-na-pas-tous-les-droits-300x169.jpg\" class=\"attachment-medium size-medium wp-image-2729\" alt=\"\" srcset=\"https:\/\/cuberg.net\/fr\/wp-content\/uploads\/2025\/09\/locataires-sachez-le-votre-proprietaire-peut-garder-un-double-des-cles-mais-il-na-pas-tous-les-droits-300x169.jpg 300w, https:\/\/cuberg.net\/fr\/wp-content\/uploads\/2025\/09\/locataires-sachez-le-votre-proprietaire-peut-garder-un-double-des-cles-mais-il-na-pas-tous-les-droits-1024x576.jpg 1024w, https:\/\/cuberg.net\/fr\/wp-content\/uploads\/2025\/09\/locataires-sachez-le-votre-proprietaire-peut-garder-un-double-des-cles-mais-il-na-pas-tous-les-droits-768x432.jpg 768w, https:\/\/cuberg.net\/fr\/wp-content\/uploads\/2025\/09\/locataires-sachez-le-votre-proprietaire-peut-garder-un-double-des-cles-mais-il-na-pas-tous-les-droits.jpg 1280w\" sizes=\"(max-width: 300px) 100vw, 300px\" \/><\/div><\/a>\n\t\t\t\t<div class=\"elementor-post__badge\">Soci\u00e9t\u00e9<\/div>\n\t\t\t\t<div class=\"elementor-post__text\">\n\t\t\t\t<h3 class=\"elementor-post__title\">\n\t\t\t<a href=\"https:\/\/cuberg.net\/fr\/locataires-sachez-le-votre-proprietaire-peut-garder-un-double-des-cles-mais-il-na-pas-tous-les-droits\/\" >\n\t\t\t\tLocataires, sachez-le : votre propri\u00e9taire peut garder un double des cl\u00e9s\u2026 mais il n\u2019a pas tous les droits\t\t\t<\/a>\n\t\t<\/h3>\n\t\t\t\t<\/div>\n\t\t\t\t<div class=\"elementor-post__meta-data\">\n\t\t\t\t\t<span class=\"elementor-post-date\">\n\t\t\t13 octobre 2025\t\t<\/span>\n\t\t\t\t<\/div>\n\t\t\t\t\t<\/div>\n\t\t<\/article>\n\t\t\t\t<article class=\"elementor-post elementor-grid-item post-2786 post type-post status-publish format-standard has-post-thumbnail category-societe\" role=\"listitem\">\n\t\t\t<div class=\"elementor-post__card\">\n\t\t\t\t<a class=\"elementor-post__thumbnail__link\" href=\"https:\/\/cuberg.net\/fr\/ce-requin-tueur-qui-seme-la-terreur-sur-les-plages-a-inspire-spielberg-pour-les-dents-de-la-mer\/\" tabindex=\"-1\" ><div class=\"elementor-post__thumbnail\"><img alt=\"\" loading=\"lazy\" decoding=\"async\" width=\"300\" height=\"169\" src=\"https:\/\/cuberg.net\/fr\/wp-content\/uploads\/2025\/09\/video.-on-filmait-notre-balade-en-paddle.-quand-un-requin-blanc-a-surgi-devant-nous-300x169.jpg\" class=\"attachment-medium size-medium wp-image-1728\" alt=\"\" srcset=\"https:\/\/cuberg.net\/fr\/wp-content\/uploads\/2025\/09\/video.-on-filmait-notre-balade-en-paddle.-quand-un-requin-blanc-a-surgi-devant-nous-300x169.jpg 300w, https:\/\/cuberg.net\/fr\/wp-content\/uploads\/2025\/09\/video.-on-filmait-notre-balade-en-paddle.-quand-un-requin-blanc-a-surgi-devant-nous-1024x576.jpg 1024w, https:\/\/cuberg.net\/fr\/wp-content\/uploads\/2025\/09\/video.-on-filmait-notre-balade-en-paddle.-quand-un-requin-blanc-a-surgi-devant-nous-768x432.jpg 768w, https:\/\/cuberg.net\/fr\/wp-content\/uploads\/2025\/09\/video.-on-filmait-notre-balade-en-paddle.-quand-un-requin-blanc-a-surgi-devant-nous.jpg 1280w\" sizes=\"(max-width: 300px) 100vw, 300px\" \/><\/div><\/a>\n\t\t\t\t<div class=\"elementor-post__badge\">Soci\u00e9t\u00e9<\/div>\n\t\t\t\t<div class=\"elementor-post__text\">\n\t\t\t\t<h3 class=\"elementor-post__title\">\n\t\t\t<a href=\"https:\/\/cuberg.net\/fr\/ce-requin-tueur-qui-seme-la-terreur-sur-les-plages-a-inspire-spielberg-pour-les-dents-de-la-mer\/\" >\n\t\t\t\tCe requin tueur, qui sem\u00e9 la terreur sur les plages, a inspir\u00e9 Spielberg pour Les Dents de la mer\t\t\t<\/a>\n\t\t<\/h3>\n\t\t\t\t<\/div>\n\t\t\t\t<div class=\"elementor-post__meta-data\">\n\t\t\t\t\t<span class=\"elementor-post-date\">\n\t\t\t13 octobre 2025\t\t<\/span>\n\t\t\t\t<\/div>\n\t\t\t\t\t<\/div>\n\t\t<\/article>\n\t\t\t\t<article class=\"elementor-post elementor-grid-item post-2851 post type-post status-publish format-standard has-post-thumbnail category-societe\" role=\"listitem\">\n\t\t\t<div class=\"elementor-post__card\">\n\t\t\t\t<a class=\"elementor-post__thumbnail__link\" href=\"https:\/\/cuberg.net\/fr\/ce-flacon-bleu-que-toutes-les-grands-meres-avaient-vaut-de-lor-peut-etre-quil-traine-encore-dans-la-cuisine\/\" tabindex=\"-1\" ><div class=\"elementor-post__thumbnail\"><img alt=\"\" loading=\"lazy\" decoding=\"async\" width=\"300\" height=\"169\" src=\"https:\/\/cuberg.net\/fr\/wp-content\/uploads\/2025\/09\/ce-flacon-bleu-que-toutes-les-grands-meres-avaient-vaut-de-lor-peut-etre-quil-traine-encore-dans-la-cuisine-300x169.jpg\" class=\"attachment-medium size-medium wp-image-2852\" alt=\"\" srcset=\"https:\/\/cuberg.net\/fr\/wp-content\/uploads\/2025\/09\/ce-flacon-bleu-que-toutes-les-grands-meres-avaient-vaut-de-lor-peut-etre-quil-traine-encore-dans-la-cuisine-300x169.jpg 300w, https:\/\/cuberg.net\/fr\/wp-content\/uploads\/2025\/09\/ce-flacon-bleu-que-toutes-les-grands-meres-avaient-vaut-de-lor-peut-etre-quil-traine-encore-dans-la-cuisine-1024x576.jpg 1024w, https:\/\/cuberg.net\/fr\/wp-content\/uploads\/2025\/09\/ce-flacon-bleu-que-toutes-les-grands-meres-avaient-vaut-de-lor-peut-etre-quil-traine-encore-dans-la-cuisine-768x432.jpg 768w, https:\/\/cuberg.net\/fr\/wp-content\/uploads\/2025\/09\/ce-flacon-bleu-que-toutes-les-grands-meres-avaient-vaut-de-lor-peut-etre-quil-traine-encore-dans-la-cuisine.jpg 1280w\" sizes=\"(max-width: 300px) 100vw, 300px\" \/><\/div><\/a>\n\t\t\t\t<div class=\"elementor-post__badge\">Soci\u00e9t\u00e9<\/div>\n\t\t\t\t<div class=\"elementor-post__text\">\n\t\t\t\t<h3 class=\"elementor-post__title\">\n\t\t\t<a href=\"https:\/\/cuberg.net\/fr\/ce-flacon-bleu-que-toutes-les-grands-meres-avaient-vaut-de-lor-peut-etre-quil-traine-encore-dans-la-cuisine\/\" >\n\t\t\t\tCe flacon bleu que toutes les grands-m\u00e8res avaient vaut de l&rsquo;or : peut-\u00eatre qu&rsquo;il tra\u00eene encore dans la cuisine\t\t\t<\/a>\n\t\t<\/h3>\n\t\t\t\t<\/div>\n\t\t\t\t<div class=\"elementor-post__meta-data\">\n\t\t\t\t\t<span class=\"elementor-post-date\">\n\t\t\t13 octobre 2025\t\t<\/span>\n\t\t\t\t<\/div>\n\t\t\t\t\t<\/div>\n\t\t<\/article>\n\t\t\t\t<article class=\"elementor-post elementor-grid-item post-3043 post type-post status-publish format-standard has-post-thumbnail category-societe\" role=\"listitem\">\n\t\t\t<div class=\"elementor-post__card\">\n\t\t\t\t<a class=\"elementor-post__thumbnail__link\" href=\"https:\/\/cuberg.net\/fr\/succession-comment-puis-je-leguer-ma-maison-a-un-seul-de-mes-enfants\/\" tabindex=\"-1\" ><div class=\"elementor-post__thumbnail\"><img alt=\"\" loading=\"lazy\" decoding=\"async\" width=\"300\" height=\"169\" src=\"https:\/\/cuberg.net\/fr\/wp-content\/uploads\/2025\/09\/succession-comment-puis-je-leguer-ma-maison-a-un-seul-de-mes-enfants-300x169.jpg\" class=\"attachment-medium size-medium wp-image-3044\" alt=\"\" srcset=\"https:\/\/cuberg.net\/fr\/wp-content\/uploads\/2025\/09\/succession-comment-puis-je-leguer-ma-maison-a-un-seul-de-mes-enfants-300x169.jpg 300w, https:\/\/cuberg.net\/fr\/wp-content\/uploads\/2025\/09\/succession-comment-puis-je-leguer-ma-maison-a-un-seul-de-mes-enfants-1024x576.jpg 1024w, https:\/\/cuberg.net\/fr\/wp-content\/uploads\/2025\/09\/succession-comment-puis-je-leguer-ma-maison-a-un-seul-de-mes-enfants-768x432.jpg 768w, https:\/\/cuberg.net\/fr\/wp-content\/uploads\/2025\/09\/succession-comment-puis-je-leguer-ma-maison-a-un-seul-de-mes-enfants.jpg 1280w\" sizes=\"(max-width: 300px) 100vw, 300px\" \/><\/div><\/a>\n\t\t\t\t<div class=\"elementor-post__badge\">Soci\u00e9t\u00e9<\/div>\n\t\t\t\t<div class=\"elementor-post__text\">\n\t\t\t\t<h3 class=\"elementor-post__title\">\n\t\t\t<a href=\"https:\/\/cuberg.net\/fr\/succession-comment-puis-je-leguer-ma-maison-a-un-seul-de-mes-enfants\/\" >\n\t\t\t\tSuccession : comment puis-je l\u00e9guer ma maison \u00e0 un seul de mes enfants ?\t\t\t<\/a>\n\t\t<\/h3>\n\t\t\t\t<\/div>\n\t\t\t\t<div class=\"elementor-post__meta-data\">\n\t\t\t\t\t<span class=\"elementor-post-date\">\n\t\t\t12 octobre 2025\t\t<\/span>\n\t\t\t\t<\/div>\n\t\t\t\t\t<\/div>\n\t\t<\/article>\n\t\t\t\t<article class=\"elementor-post elementor-grid-item post-3114 post type-post status-publish format-standard has-post-thumbnail category-societe\" role=\"listitem\">\n\t\t\t<div class=\"elementor-post__card\">\n\t\t\t\t<a class=\"elementor-post__thumbnail__link\" href=\"https:\/\/cuberg.net\/fr\/top-10-des-iles-de-reve-ou-vivre-sa-retraite-coute-beaucoup-moins-cher-quen-france\/\" tabindex=\"-1\" ><div class=\"elementor-post__thumbnail\"><img alt=\"\" loading=\"lazy\" decoding=\"async\" width=\"300\" height=\"169\" src=\"https:\/\/cuberg.net\/fr\/wp-content\/uploads\/2025\/09\/top-10-des-iles-de-reve-ou-vivre-sa-retraite-coute-beaucoup-moins-cher-quen-france-300x169.jpg\" class=\"attachment-medium size-medium wp-image-3115\" alt=\"\" srcset=\"https:\/\/cuberg.net\/fr\/wp-content\/uploads\/2025\/09\/top-10-des-iles-de-reve-ou-vivre-sa-retraite-coute-beaucoup-moins-cher-quen-france-300x169.jpg 300w, https:\/\/cuberg.net\/fr\/wp-content\/uploads\/2025\/09\/top-10-des-iles-de-reve-ou-vivre-sa-retraite-coute-beaucoup-moins-cher-quen-france-1024x576.jpg 1024w, https:\/\/cuberg.net\/fr\/wp-content\/uploads\/2025\/09\/top-10-des-iles-de-reve-ou-vivre-sa-retraite-coute-beaucoup-moins-cher-quen-france-768x432.jpg 768w, https:\/\/cuberg.net\/fr\/wp-content\/uploads\/2025\/09\/top-10-des-iles-de-reve-ou-vivre-sa-retraite-coute-beaucoup-moins-cher-quen-france.jpg 1280w\" sizes=\"(max-width: 300px) 100vw, 300px\" \/><\/div><\/a>\n\t\t\t\t<div class=\"elementor-post__badge\">Soci\u00e9t\u00e9<\/div>\n\t\t\t\t<div class=\"elementor-post__text\">\n\t\t\t\t<h3 class=\"elementor-post__title\">\n\t\t\t<a href=\"https:\/\/cuberg.net\/fr\/top-10-des-iles-de-reve-ou-vivre-sa-retraite-coute-beaucoup-moins-cher-quen-france\/\" >\n\t\t\t\tTop 10 des \u00eeles de r\u00eave o\u00f9 vivre sa retraite co\u00fbte beaucoup moins cher qu\u2019en France\t\t\t<\/a>\n\t\t<\/h3>\n\t\t\t\t<\/div>\n\t\t\t\t<div class=\"elementor-post__meta-data\">\n\t\t\t\t\t<span class=\"elementor-post-date\">\n\t\t\t12 octobre 2025\t\t<\/span>\n\t\t\t\t<\/div>\n\t\t\t\t\t<\/div>\n\t\t<\/article>\n\t\t\t\t<article class=\"elementor-post elementor-grid-item post-2811 post type-post status-publish format-standard has-post-thumbnail category-societe\" role=\"listitem\">\n\t\t\t<div class=\"elementor-post__card\">\n\t\t\t\t<a class=\"elementor-post__thumbnail__link\" href=\"https:\/\/cuberg.net\/fr\/ce-nest-pas-75-ans-le-code-de-la-route-a-enfin-tranche-voici-lage-maximal-pour-conduire\/\" tabindex=\"-1\" ><div class=\"elementor-post__thumbnail\"><img alt=\"\" loading=\"lazy\" decoding=\"async\" width=\"300\" height=\"169\" src=\"https:\/\/cuberg.net\/fr\/wp-content\/uploads\/2025\/09\/Ce-nest-pas-75-ans-Le-code-de-la-route-a-enfin-tranche-voici-lage-maximal-pour-conduire-300x169.jpg\" class=\"attachment-medium size-medium wp-image-2812\" alt=\"\" srcset=\"https:\/\/cuberg.net\/fr\/wp-content\/uploads\/2025\/09\/Ce-nest-pas-75-ans-Le-code-de-la-route-a-enfin-tranche-voici-lage-maximal-pour-conduire-300x169.jpg 300w, https:\/\/cuberg.net\/fr\/wp-content\/uploads\/2025\/09\/Ce-nest-pas-75-ans-Le-code-de-la-route-a-enfin-tranche-voici-lage-maximal-pour-conduire-1024x576.jpg 1024w, https:\/\/cuberg.net\/fr\/wp-content\/uploads\/2025\/09\/Ce-nest-pas-75-ans-Le-code-de-la-route-a-enfin-tranche-voici-lage-maximal-pour-conduire-768x432.jpg 768w, https:\/\/cuberg.net\/fr\/wp-content\/uploads\/2025\/09\/Ce-nest-pas-75-ans-Le-code-de-la-route-a-enfin-tranche-voici-lage-maximal-pour-conduire.jpg 1200w\" sizes=\"(max-width: 300px) 100vw, 300px\" \/><\/div><\/a>\n\t\t\t\t<div class=\"elementor-post__badge\">Soci\u00e9t\u00e9<\/div>\n\t\t\t\t<div class=\"elementor-post__text\">\n\t\t\t\t<h3 class=\"elementor-post__title\">\n\t\t\t<a href=\"https:\/\/cuberg.net\/fr\/ce-nest-pas-75-ans-le-code-de-la-route-a-enfin-tranche-voici-lage-maximal-pour-conduire\/\" >\n\t\t\t\tCe n\u2019est pas 75 ans : Le code de la route a enfin tranch\u00e9, voici l\u2019\u00e2ge maximal pour conduire\t\t\t<\/a>\n\t\t<\/h3>\n\t\t\t\t<\/div>\n\t\t\t\t<div class=\"elementor-post__meta-data\">\n\t\t\t\t\t<span class=\"elementor-post-date\">\n\t\t\t12 octobre 2025\t\t<\/span>\n\t\t\t\t<\/div>\n\t\t\t\t\t<\/div>\n\t\t<\/article>\n\t\t\t\t<article class=\"elementor-post elementor-grid-item post-2791 post type-post status-publish format-standard has-post-thumbnail category-societe\" role=\"listitem\">\n\t\t\t<div class=\"elementor-post__card\">\n\t\t\t\t<a class=\"elementor-post__thumbnail__link\" href=\"https:\/\/cuberg.net\/fr\/cette-jolie-fleur-va-disparaitre-de-nos-jardins-voici-pourquoi-il-ne-faut-malheureusement-plus-la-planter-des-la-rentree-prochaine\/\" tabindex=\"-1\" ><div class=\"elementor-post__thumbnail\"><img alt=\"\" loading=\"lazy\" decoding=\"async\" width=\"300\" height=\"169\" src=\"https:\/\/cuberg.net\/fr\/wp-content\/uploads\/2025\/09\/cette-jolie-fleur-va-disparaitre-de-nos-jardins-voici-pourquoi-il-ne-faut-malheureusement-plus-en-planter-des-la-rentree-prochaine-300x169.jpg\" class=\"attachment-medium size-medium wp-image-2792\" alt=\"\" srcset=\"https:\/\/cuberg.net\/fr\/wp-content\/uploads\/2025\/09\/cette-jolie-fleur-va-disparaitre-de-nos-jardins-voici-pourquoi-il-ne-faut-malheureusement-plus-en-planter-des-la-rentree-prochaine-300x169.jpg 300w, https:\/\/cuberg.net\/fr\/wp-content\/uploads\/2025\/09\/cette-jolie-fleur-va-disparaitre-de-nos-jardins-voici-pourquoi-il-ne-faut-malheureusement-plus-en-planter-des-la-rentree-prochaine-1024x576.jpg 1024w, https:\/\/cuberg.net\/fr\/wp-content\/uploads\/2025\/09\/cette-jolie-fleur-va-disparaitre-de-nos-jardins-voici-pourquoi-il-ne-faut-malheureusement-plus-en-planter-des-la-rentree-prochaine-768x432.jpg 768w, https:\/\/cuberg.net\/fr\/wp-content\/uploads\/2025\/09\/cette-jolie-fleur-va-disparaitre-de-nos-jardins-voici-pourquoi-il-ne-faut-malheureusement-plus-en-planter-des-la-rentree-prochaine.jpg 1280w\" sizes=\"(max-width: 300px) 100vw, 300px\" \/><\/div><\/a>\n\t\t\t\t<div class=\"elementor-post__badge\">Soci\u00e9t\u00e9<\/div>\n\t\t\t\t<div class=\"elementor-post__text\">\n\t\t\t\t<h3 class=\"elementor-post__title\">\n\t\t\t<a href=\"https:\/\/cuberg.net\/fr\/cette-jolie-fleur-va-disparaitre-de-nos-jardins-voici-pourquoi-il-ne-faut-malheureusement-plus-la-planter-des-la-rentree-prochaine\/\" >\n\t\t\t\tCette jolie fleur va dispara\u00eetre de nos jardins : voici pourquoi il ne faut (malheureusement) plus la planter, d\u00e8s la rentr\u00e9e prochaine\t\t\t<\/a>\n\t\t<\/h3>\n\t\t\t\t<\/div>\n\t\t\t\t<div class=\"elementor-post__meta-data\">\n\t\t\t\t\t<span class=\"elementor-post-date\">\n\t\t\t12 octobre 2025\t\t<\/span>\n\t\t\t\t<\/div>\n\t\t\t\t\t<\/div>\n\t\t<\/article>\n\t\t\t\t<article class=\"elementor-post elementor-grid-item post-2789 post type-post status-publish format-standard has-post-thumbnail category-societe\" role=\"listitem\">\n\t\t\t<div class=\"elementor-post__card\">\n\t\t\t\t<a class=\"elementor-post__thumbnail__link\" href=\"https:\/\/cuberg.net\/fr\/quels-sont-les-frais-de-notaire-pour-un-pret-familial\/\" tabindex=\"-1\" ><div class=\"elementor-post__thumbnail\"><img alt=\"\" loading=\"lazy\" decoding=\"async\" width=\"300\" height=\"169\" src=\"https:\/\/cuberg.net\/fr\/wp-content\/uploads\/2025\/09\/quels-sont-les-frais-de-notaire-pour-un-pret-familial-300x169.jpg\" class=\"attachment-medium size-medium wp-image-2790\" alt=\"\" srcset=\"https:\/\/cuberg.net\/fr\/wp-content\/uploads\/2025\/09\/quels-sont-les-frais-de-notaire-pour-un-pret-familial-300x169.jpg 300w, https:\/\/cuberg.net\/fr\/wp-content\/uploads\/2025\/09\/quels-sont-les-frais-de-notaire-pour-un-pret-familial-1024x576.jpg 1024w, https:\/\/cuberg.net\/fr\/wp-content\/uploads\/2025\/09\/quels-sont-les-frais-de-notaire-pour-un-pret-familial-768x432.jpg 768w, https:\/\/cuberg.net\/fr\/wp-content\/uploads\/2025\/09\/quels-sont-les-frais-de-notaire-pour-un-pret-familial.jpg 1280w\" sizes=\"(max-width: 300px) 100vw, 300px\" \/><\/div><\/a>\n\t\t\t\t<div class=\"elementor-post__badge\">Soci\u00e9t\u00e9<\/div>\n\t\t\t\t<div class=\"elementor-post__text\">\n\t\t\t\t<h3 class=\"elementor-post__title\">\n\t\t\t<a href=\"https:\/\/cuberg.net\/fr\/quels-sont-les-frais-de-notaire-pour-un-pret-familial\/\" >\n\t\t\t\tQuels sont les frais de notaire pour un pr\u00eat familial ?\t\t\t<\/a>\n\t\t<\/h3>\n\t\t\t\t<\/div>\n\t\t\t\t<div class=\"elementor-post__meta-data\">\n\t\t\t\t\t<span class=\"elementor-post-date\">\n\t\t\t12 octobre 2025\t\t<\/span>\n\t\t\t\t<\/div>\n\t\t\t\t\t<\/div>\n\t\t<\/article>\n\t\t\t\t<article class=\"elementor-post elementor-grid-item post-2756 post type-post status-publish format-standard has-post-thumbnail category-societe\" role=\"listitem\">\n\t\t\t<div class=\"elementor-post__card\">\n\t\t\t\t<a class=\"elementor-post__thumbnail__link\" href=\"https:\/\/cuberg.net\/fr\/taux-du-livret-a-en-chute-libre-il-pourrait-tomber-a-15-des-fevrier-2026\/\" tabindex=\"-1\" ><div class=\"elementor-post__thumbnail\"><img alt=\"\" loading=\"lazy\" decoding=\"async\" width=\"300\" height=\"169\" src=\"https:\/\/cuberg.net\/fr\/wp-content\/uploads\/2025\/09\/taux-du-livret-a-en-chute-libre-il-pourrait-tomber-a-15-des-fevrier-2026-300x169.jpg\" class=\"attachment-medium size-medium wp-image-2757\" alt=\"\" srcset=\"https:\/\/cuberg.net\/fr\/wp-content\/uploads\/2025\/09\/taux-du-livret-a-en-chute-libre-il-pourrait-tomber-a-15-des-fevrier-2026-300x169.jpg 300w, https:\/\/cuberg.net\/fr\/wp-content\/uploads\/2025\/09\/taux-du-livret-a-en-chute-libre-il-pourrait-tomber-a-15-des-fevrier-2026-1024x576.jpg 1024w, https:\/\/cuberg.net\/fr\/wp-content\/uploads\/2025\/09\/taux-du-livret-a-en-chute-libre-il-pourrait-tomber-a-15-des-fevrier-2026-768x432.jpg 768w, https:\/\/cuberg.net\/fr\/wp-content\/uploads\/2025\/09\/taux-du-livret-a-en-chute-libre-il-pourrait-tomber-a-15-des-fevrier-2026.jpg 1200w\" sizes=\"(max-width: 300px) 100vw, 300px\" \/><\/div><\/a>\n\t\t\t\t<div class=\"elementor-post__badge\">Soci\u00e9t\u00e9<\/div>\n\t\t\t\t<div class=\"elementor-post__text\">\n\t\t\t\t<h3 class=\"elementor-post__title\">\n\t\t\t<a href=\"https:\/\/cuberg.net\/fr\/taux-du-livret-a-en-chute-libre-il-pourrait-tomber-a-15-des-fevrier-2026\/\" >\n\t\t\t\tTaux du Livret A en chute libre, il pourrait tomber \u00e0 1,5% d\u00e8s f\u00e9vrier 2026\t\t\t<\/a>\n\t\t<\/h3>\n\t\t\t\t<\/div>\n\t\t\t\t<div class=\"elementor-post__meta-data\">\n\t\t\t\t\t<span class=\"elementor-post-date\">\n\t\t\t12 octobre 2025\t\t<\/span>\n\t\t\t\t<\/div>\n\t\t\t\t\t<\/div>\n\t\t<\/article>\n\t\t\t\t<article class=\"elementor-post elementor-grid-item post-2710 post type-post status-publish format-standard has-post-thumbnail category-societe\" role=\"listitem\">\n\t\t\t<div class=\"elementor-post__card\">\n\t\t\t\t<a class=\"elementor-post__thumbnail__link\" href=\"https:\/\/cuberg.net\/fr\/compteur-linky-de-plus-en-plus-de-francais-lentourent-avec-du-papier-aluminium-voici-pourquoi\/\" tabindex=\"-1\" ><div class=\"elementor-post__thumbnail\"><img alt=\"\" loading=\"lazy\" decoding=\"async\" width=\"300\" height=\"169\" src=\"https:\/\/cuberg.net\/fr\/wp-content\/uploads\/2025\/09\/papier-alu-linku-300x169.jpg\" class=\"attachment-medium size-medium wp-image-2711\" alt=\"\" srcset=\"https:\/\/cuberg.net\/fr\/wp-content\/uploads\/2025\/09\/papier-alu-linku-300x169.jpg 300w, https:\/\/cuberg.net\/fr\/wp-content\/uploads\/2025\/09\/papier-alu-linku-1024x576.jpg 1024w, https:\/\/cuberg.net\/fr\/wp-content\/uploads\/2025\/09\/papier-alu-linku-768x432.jpg 768w, https:\/\/cuberg.net\/fr\/wp-content\/uploads\/2025\/09\/papier-alu-linku.jpg 1200w\" sizes=\"(max-width: 300px) 100vw, 300px\" \/><\/div><\/a>\n\t\t\t\t<div class=\"elementor-post__badge\">Soci\u00e9t\u00e9<\/div>\n\t\t\t\t<div class=\"elementor-post__text\">\n\t\t\t\t<h3 class=\"elementor-post__title\">\n\t\t\t<a href=\"https:\/\/cuberg.net\/fr\/compteur-linky-de-plus-en-plus-de-francais-lentourent-avec-du-papier-aluminium-voici-pourquoi\/\" >\n\t\t\t\tCompteur Linky : de plus en plus de Fran\u00e7ais l\u2019entourent avec du papier aluminium, voici pourquoi\t\t\t<\/a>\n\t\t<\/h3>\n\t\t\t\t<\/div>\n\t\t\t\t<div class=\"elementor-post__meta-data\">\n\t\t\t\t\t<span class=\"elementor-post-date\">\n\t\t\t12 octobre 2025\t\t<\/span>\n\t\t\t\t<\/div>\n\t\t\t\t\t<\/div>\n\t\t<\/article>\n\t\t\t\t<article class=\"elementor-post elementor-grid-item post-2718 post type-post status-publish format-standard has-post-thumbnail category-societe\" role=\"listitem\">\n\t\t\t<div class=\"elementor-post__card\">\n\t\t\t\t<a class=\"elementor-post__thumbnail__link\" href=\"https:\/\/cuberg.net\/fr\/contrat-de-mariage-est-il-possible-de-le-modifier-pour-donner-un-bien-a-son-partenaire\/\" tabindex=\"-1\" ><div class=\"elementor-post__thumbnail\"><img alt=\"\" loading=\"lazy\" decoding=\"async\" width=\"300\" height=\"169\" src=\"https:\/\/cuberg.net\/fr\/wp-content\/uploads\/2025\/09\/contrat-de-mariage-est-il-possible-de-le-modifier-pour-donner-un-bien-a-son-partenaire--300x169.jpg\" class=\"attachment-medium size-medium wp-image-2719\" alt=\"\" srcset=\"https:\/\/cuberg.net\/fr\/wp-content\/uploads\/2025\/09\/contrat-de-mariage-est-il-possible-de-le-modifier-pour-donner-un-bien-a-son-partenaire--300x169.jpg 300w, https:\/\/cuberg.net\/fr\/wp-content\/uploads\/2025\/09\/contrat-de-mariage-est-il-possible-de-le-modifier-pour-donner-un-bien-a-son-partenaire--1024x576.jpg 1024w, https:\/\/cuberg.net\/fr\/wp-content\/uploads\/2025\/09\/contrat-de-mariage-est-il-possible-de-le-modifier-pour-donner-un-bien-a-son-partenaire--768x432.jpg 768w, https:\/\/cuberg.net\/fr\/wp-content\/uploads\/2025\/09\/contrat-de-mariage-est-il-possible-de-le-modifier-pour-donner-un-bien-a-son-partenaire-.jpg 1280w\" sizes=\"(max-width: 300px) 100vw, 300px\" \/><\/div><\/a>\n\t\t\t\t<div class=\"elementor-post__badge\">Soci\u00e9t\u00e9<\/div>\n\t\t\t\t<div class=\"elementor-post__text\">\n\t\t\t\t<h3 class=\"elementor-post__title\">\n\t\t\t<a href=\"https:\/\/cuberg.net\/fr\/contrat-de-mariage-est-il-possible-de-le-modifier-pour-donner-un-bien-a-son-partenaire\/\" >\n\t\t\t\tContrat de mariage : est-il possible de le modifier pour donner un bien \u00e0 son partenaire ?\t\t\t<\/a>\n\t\t<\/h3>\n\t\t\t\t<\/div>\n\t\t\t\t<div class=\"elementor-post__meta-data\">\n\t\t\t\t\t<span class=\"elementor-post-date\">\n\t\t\t12 octobre 2025\t\t<\/span>\n\t\t\t\t<\/div>\n\t\t\t\t\t<\/div>\n\t\t<\/article>\n\t\t\t\t<article class=\"elementor-post elementor-grid-item post-2690 post type-post status-publish format-standard has-post-thumbnail category-societe\" role=\"listitem\">\n\t\t\t<div class=\"elementor-post__card\">\n\t\t\t\t<a class=\"elementor-post__thumbnail__link\" href=\"https:\/\/cuberg.net\/fr\/5-millions-de-francais-vont-recevoir-un-virement-automatique-de-160e-en-moyenne-cette-condition-a-respecter\/\" tabindex=\"-1\" ><div class=\"elementor-post__thumbnail\"><img alt=\"\" loading=\"lazy\" decoding=\"async\" width=\"300\" height=\"169\" src=\"https:\/\/cuberg.net\/fr\/wp-content\/uploads\/2025\/09\/5-millions-de-francais-vont-recevoir-un-virement-automatique-de-160E-en-moyenne-cette-condition-a-respecter-1-300x169.jpg\" class=\"attachment-medium size-medium wp-image-2691\" alt=\"\" srcset=\"https:\/\/cuberg.net\/fr\/wp-content\/uploads\/2025\/09\/5-millions-de-francais-vont-recevoir-un-virement-automatique-de-160E-en-moyenne-cette-condition-a-respecter-1-300x169.jpg 300w, https:\/\/cuberg.net\/fr\/wp-content\/uploads\/2025\/09\/5-millions-de-francais-vont-recevoir-un-virement-automatique-de-160E-en-moyenne-cette-condition-a-respecter-1-1024x576.jpg 1024w, https:\/\/cuberg.net\/fr\/wp-content\/uploads\/2025\/09\/5-millions-de-francais-vont-recevoir-un-virement-automatique-de-160E-en-moyenne-cette-condition-a-respecter-1-768x432.jpg 768w, https:\/\/cuberg.net\/fr\/wp-content\/uploads\/2025\/09\/5-millions-de-francais-vont-recevoir-un-virement-automatique-de-160E-en-moyenne-cette-condition-a-respecter-1.jpg 1200w\" sizes=\"(max-width: 300px) 100vw, 300px\" \/><\/div><\/a>\n\t\t\t\t<div class=\"elementor-post__badge\">Soci\u00e9t\u00e9<\/div>\n\t\t\t\t<div class=\"elementor-post__text\">\n\t\t\t\t<h3 class=\"elementor-post__title\">\n\t\t\t<a href=\"https:\/\/cuberg.net\/fr\/5-millions-de-francais-vont-recevoir-un-virement-automatique-de-160e-en-moyenne-cette-condition-a-respecter\/\" >\n\t\t\t\t5 millions de fran\u00e7ais vont recevoir un virement automatique de 160\u20ac en moyenne, cette condition \u00e0 respecter\t\t\t<\/a>\n\t\t<\/h3>\n\t\t\t\t<\/div>\n\t\t\t\t<div class=\"elementor-post__meta-data\">\n\t\t\t\t\t<span class=\"elementor-post-date\">\n\t\t\t12 octobre 2025\t\t<\/span>\n\t\t\t\t<\/div>\n\t\t\t\t\t<\/div>\n\t\t<\/article>\n\t\t\t\t<article class=\"elementor-post elementor-grid-item post-2919 post type-post status-publish format-standard has-post-thumbnail category-societe\" role=\"listitem\">\n\t\t\t<div class=\"elementor-post__card\">\n\t\t\t\t<a class=\"elementor-post__thumbnail__link\" href=\"https:\/\/cuberg.net\/fr\/ils-sont-trop-nombreux-les-cyberattaques-contre-lassurance-retraite-se-multiplient-des-milliers-de-retraites-ont-tout-perdu-a-cause-de-ces-arnaques\/\" tabindex=\"-1\" ><div class=\"elementor-post__thumbnail\"><img alt=\"\" loading=\"lazy\" decoding=\"async\" width=\"300\" height=\"169\" src=\"https:\/\/cuberg.net\/fr\/wp-content\/uploads\/2025\/09\/ils-sont-trop-nombreux-les-cyberattaques-contre-lassurance-retraite-se-multiplient-des-milliers-de-retraites-ont-tout-perdu-a-cause-de-ces-arnaques-300x169.jpg\" class=\"attachment-medium size-medium wp-image-2920\" alt=\"\" srcset=\"https:\/\/cuberg.net\/fr\/wp-content\/uploads\/2025\/09\/ils-sont-trop-nombreux-les-cyberattaques-contre-lassurance-retraite-se-multiplient-des-milliers-de-retraites-ont-tout-perdu-a-cause-de-ces-arnaques-300x169.jpg 300w, https:\/\/cuberg.net\/fr\/wp-content\/uploads\/2025\/09\/ils-sont-trop-nombreux-les-cyberattaques-contre-lassurance-retraite-se-multiplient-des-milliers-de-retraites-ont-tout-perdu-a-cause-de-ces-arnaques-1024x576.jpg 1024w, https:\/\/cuberg.net\/fr\/wp-content\/uploads\/2025\/09\/ils-sont-trop-nombreux-les-cyberattaques-contre-lassurance-retraite-se-multiplient-des-milliers-de-retraites-ont-tout-perdu-a-cause-de-ces-arnaques-768x432.jpg 768w, https:\/\/cuberg.net\/fr\/wp-content\/uploads\/2025\/09\/ils-sont-trop-nombreux-les-cyberattaques-contre-lassurance-retraite-se-multiplient-des-milliers-de-retraites-ont-tout-perdu-a-cause-de-ces-arnaques.jpg 1280w\" sizes=\"(max-width: 300px) 100vw, 300px\" \/><\/div><\/a>\n\t\t\t\t<div class=\"elementor-post__badge\">Soci\u00e9t\u00e9<\/div>\n\t\t\t\t<div class=\"elementor-post__text\">\n\t\t\t\t<h3 class=\"elementor-post__title\">\n\t\t\t<a href=\"https:\/\/cuberg.net\/fr\/ils-sont-trop-nombreux-les-cyberattaques-contre-lassurance-retraite-se-multiplient-des-milliers-de-retraites-ont-tout-perdu-a-cause-de-ces-arnaques\/\" >\n\t\t\t\tIls sont trop nombreux : les cyberattaques contre l&rsquo;Assurance retraite se multiplient, des milliers de retrait\u00e9s ont tout perdu \u00e0 cause de ces arnaques\t\t\t<\/a>\n\t\t<\/h3>\n\t\t\t\t<\/div>\n\t\t\t\t<div class=\"elementor-post__meta-data\">\n\t\t\t\t\t<span class=\"elementor-post-date\">\n\t\t\t12 octobre 2025\t\t<\/span>\n\t\t\t\t<\/div>\n\t\t\t\t\t<\/div>\n\t\t<\/article>\n\t\t\t\t<\/div>\n\t\t\n\t\t\t\t\t\t<\/div>\n\t\t\t\t<\/div>\n\t\t\t\t<\/div>\n\t\t\t\t\t<\/div>\n\t\t\t\t<\/div>\n\t\t<div class=\"elementor-element elementor-element-2b295a5 e-flex e-con-boxed e-con e-parent\" data-id=\"2b295a5\" data-element_type=\"container\" data-e-type=\"container\">\n\t\t\t\t\t<div class=\"e-con-inner\">\n\t\t\t\t<div class=\"elementor-element elementor-element-ca876a3 elementor-widget elementor-widget-text-editor\" data-id=\"ca876a3\" data-element_type=\"widget\" data-e-type=\"widget\" data-widget_type=\"text-editor.default\">\n\t\t\t\t\t\t\t\t\t<p><strong>Cuberg<\/strong> est n\u00e9 d\u2019un mot qui \u00e9voquait autrefois l\u2019\u00e9nergie pure, les batteries de nouvelle g\u00e9n\u00e9ration, la recherche de puissance et d\u2019autonomie. Si cette premi\u00e8re vie appartient au pass\u00e9, l\u2019esprit reste le m\u00eame : capter, concentrer et restituer une charge. Mais d\u00e9sormais, il ne s\u2019agit plus de volts et d\u2019amp\u00e8res : ce que Cuberg alimente, ce sont les esprits curieux.<\/p>\n<p>Le magazine s\u2019inscrit dans une d\u00e9marche g\u00e9n\u00e9raliste, ouverte \u00e0 toutes les th\u00e9matiques qui font vibrer les Fran\u00e7ais au quotidien. Soci\u00e9t\u00e9, actualit\u00e9, argent, culture, technologie, sant\u00e9, d\u00e9couvertes insolites\u2026 Cuberg recharge l\u2019attention de ses lecteurs avec des histoires qui intriguent, des tendances qui bousculent et des informations qui font r\u00e9agir. Ici, pas de jargon technique ni de distance froide.<\/p>\n<p>Chaque article est pens\u00e9 comme une \u00e9tincelle, une impulsion qui d\u00e9clenche une \u00e9motion ou une r\u00e9flexion. Parce qu\u2019au fond, qu\u2019il s\u2019agisse d\u2019\u00e9lectricit\u00e9 ou d\u2019id\u00e9es, la logique est la m\u00eame : tout commence par une \u00e9tincelle, et c\u2019est cette \u00e9nergie-l\u00e0 que Cuberg veut transmettre.<\/p>\t\t\t\t\t\t\t\t<\/div>\n\t\t\t\t\t<\/div>\n\t\t\t\t<\/div>\n\t\t\t\t<\/div>\n\t\t","protected":false},"excerpt":{"rendered":"<p>Cuberg : Le magazine Cuberg est n\u00e9 d\u2019un mot qui \u00e9voquait autrefois l\u2019\u00e9nergie pure, les batteries de nouvelle g\u00e9n\u00e9ration, la recherche de puissance et d\u2019autonomie.<\/p>\n","protected":false},"author":1,"featured_media":0,"parent":0,"menu_order":0,"comment_status":"closed","ping_status":"closed","template":"elementor_header_footer","meta":{"_seopress_robots_primary_cat":"","_seopress_titles_title":"%%sitetitle%% %%sep%% Magazine technologie, lifestyle, science","_seopress_titles_desc":"","_seopress_robots_index":"","footnotes":""},"class_list":["post-54","page","type-page","status-publish"],"_links":{"self":[{"href":"https:\/\/cuberg.net\/fr\/wp-json\/wp\/v2\/pages\/54","targetHints":{"allow":["GET"]}}],"collection":[{"href":"https:\/\/cuberg.net\/fr\/wp-json\/wp\/v2\/pages"}],"about":[{"href":"https:\/\/cuberg.net\/fr\/wp-json\/wp\/v2\/types\/page"}],"author":[{"embeddable":true,"href":"https:\/\/cuberg.net\/fr\/wp-json\/wp\/v2\/users\/1"}],"replies":[{"embeddable":true,"href":"https:\/\/cuberg.net\/fr\/wp-json\/wp\/v2\/comments?post=54"}],"version-history":[{"count":17,"href":"https:\/\/cuberg.net\/fr\/wp-json\/wp\/v2\/pages\/54\/revisions"}],"predecessor-version":[{"id":123,"href":"https:\/\/cuberg.net\/fr\/wp-json\/wp\/v2\/pages\/54\/revisions\/123"}],"wp:attachment":[{"href":"https:\/\/cuberg.net\/fr\/wp-json\/wp\/v2\/media?parent=54"}],"curies":[{"name":"wp","href":"https:\/\/api.w.org\/{rel}","templated":true}]}}